{"id":4668,"date":"2023-03-15T10:38:29","date_gmt":"2023-03-15T09:38:29","guid":{"rendered":"https:\/\/talleres-emit.com\/sobre-nosaltres\/"},"modified":"2023-05-26T12:21:30","modified_gmt":"2023-05-26T10:21:30","slug":"sobre-nosaltres","status":"publish","type":"page","link":"https:\/\/talleres-emit.com\/ca\/sobre-nosaltres\/","title":{"rendered":"Sobre nosaltres"},"content":{"rendered":"<div class=\"gb-container gb-container-4521558b\"><\/div><div class=\"gb-container gb-container-5196ac93\">\n\n<h2 class=\"gb-headline gb-headline-94e374dd gb-headline-text\">SOBRE NOSALTRES.<mark class=\"gb-highlight\"><\/mark><\/h2>\n\n<\/div><div class=\"gb-container gb-container-481d8fb2 alignfull\">\n<div class=\"gb-container gb-container-7ba761ec alignfull\">\n<div class=\"gb-grid-wrapper gb-grid-wrapper-5686de67\">\n<div class=\"gb-grid-column gb-grid-column-1ed532a6\"><div class=\"gb-container gb-container-1ed532a6\">\n\n<p class=\"gb-headline gb-headline-19909bd9 gb-headline-text\">Especialistes en el disseny i fabricaci\u00f3 de comptadors mec\u00e0nics i electromec\u00e0nics, \u00e9s actualment una empresa amb m\u00e9s de 60 anys d&#8217;experi\u00e8ncia al sector.<\/p>\n\n\n\n<p class=\"gb-headline gb-headline-f507681e gb-headline-text\">Aquesta \u00e0mplia traject\u00f2ria al costat dels nostres clients fa que avui dia la nostra empresa sigui s\u00edmbol de qualitat i segell de garantia en tot tipus de comptadors, mec\u00e0nics, electromec\u00e0nics i electr\u00f2nics<\/p>\n\n<\/div><\/div>\n\n<div class=\"gb-grid-column gb-grid-column-f2e0d2b7\"><div class=\"gb-container gb-container-f2e0d2b7\"><\/div><\/div>\n<\/div>\n<\/div>\n<\/div><div class=\"gb-container gb-container-b98bc7f7 alignfull\">\n<div class=\"gb-container gb-container-a42ac6d7 alignfull\">\n<div class=\"gb-grid-wrapper gb-grid-wrapper-cf9ac0fb\">\n<div class=\"gb-grid-column gb-grid-column-ae3f1687\"><div class=\"gb-container gb-container-ae3f1687\"><\/div><\/div>\n\n<div class=\"gb-grid-column gb-grid-column-05c51f65\"><div class=\"gb-container gb-container-05c51f65\">\n\n<p class=\"gb-headline gb-headline-369851c0 gb-headline-text\">&nbsp;L&#8217;empresa inicia la seva activitat l&#8217;any 1942, amb la fabricaci\u00f3 d&#8217;aparells i peces de petita mec\u00e0nica, que deriva r\u00e0pidament a la producci\u00f3 de comptadors mec\u00e0nics.<\/p>\n\n\n\n<p class=\"gb-headline gb-headline-019aca74 gb-headline-text\">Les sigles E.M.I.T. s\u00f3n les inicials del primer nom de l&#8217;Empresa (Especialitats Mec\u00e0niques de la Ind\u00fastria T\u00e8xtil) esdevenint Tallers Emit, S.A. l&#8217;any 1960.<\/p>\n\n<\/div><\/div>\n<\/div>\n<\/div>\n<\/div><div class=\"gb-container gb-container-364361fa alignfull\">\n<div class=\"gb-container gb-container-d35a5d95\">\n\n<p class=\"gb-headline gb-headline-e92038c8 gb-headline-text\">L&#8217;any 1979 canvia la Direcci\u00f3 de l&#8217;Empresa i comen\u00e7a un per\u00edode de diversificaci\u00f3 i ampliaci\u00f3 de la seva activitat, tant en la fabricaci\u00f3 (Comptadors Electromec\u00e0nics), com en la comercialitzaci\u00f3 (Comptadors Electr\u00f2nics). <\/p>\n\n\n\n<p class=\"gb-headline gb-headline-8b38572e gb-headline-text\">L&#8217;especialitzaci\u00f3 en Comptadors (Mec\u00e0nics, Electromec\u00e0nics i Electr\u00f2nics) converteix Talleres Emit, S.A. a l&#8217;\u00fanica empresa de Espanya, dedicada exclusivament a aquesta activitat, principalment com a fabricant.<\/p>\n\n\n\n<p class=\"gb-headline gb-headline-4f7460d5 gb-headline-text\">Cada any les nostres vendes tendeixen a ser m\u00e9s internacionals, mercats com Europa i \u00c0frica fan que ens puguem sentir orgullosos dels nostres productes, ja que des de les pimes fins a les empreses multinacionals confien en nosaltres.<\/p>\n\n<\/div>\n<\/div><div class=\"gb-container gb-container-b16941c6 alignfull\">\n<div class=\"gb-container gb-container-b4d609e7\">\n\n<h2 class=\"has-global-color-2-color has-text-color wp-block-heading\">QUALITAT I GARANTIA<\/h2>\n\n\n\n<p class=\"gb-headline gb-headline-240e65ee gb-headline-text\">Tota la gamma de productes est\u00e0 sotmesa a un rigor\u00f3s control de qualitat i oferim la m\u00e0xima garantia, com no podria ser altrament ja que els nostres productes tenen aquesta ra\u00f3 de ser.<\/p>\n\n<\/div>\n<\/div><div class=\"gb-container gb-container-757e870c\">\n\n<a class=\"gb-button gb-button-1406fb0b gb-button-text\" href=\"https:\/\/talleres-emit.com\/ca\/contacte\/\">Parlem?<\/a>\n\n<\/div>","protected":false},"excerpt":{"rendered":"<p>SOBRE NOSALTRES. L&#8217;any 1979 canvia la Direcci\u00f3 de l&#8217;Empresa i comen\u00e7a un per\u00edode de diversificaci\u00f3 i ampliaci\u00f3 de la seva activitat, tant en la fabricaci\u00f3 &#8230; <a title=\"Sobre nosaltres\" class=\"read-more\" href=\"https:\/\/talleres-emit.com\/ca\/sobre-nosaltres\/\" aria-label=\"More on Sobre nosaltres\">Read More<\/a><\/p>\n","protected":false},"author":3,"featured_media":0,"parent":0,"menu_order":0,"comment_status":"closed","ping_status":"closed","template":"","meta":{"footnotes":""},"yoast_head":"<!-- This site is optimized with the Yoast SEO plugin v22.1 - https:\/\/yoast.com\/wordpress\/plugins\/seo\/ -->\n<title>Sobre nosaltres - Talleres Emit<\/title>\n<meta name=\"robots\" content=\"index, follow, max-snippet:-1, max-image-preview:large, max-video-preview:-1\" \/>\n<link rel=\"canonical\" href=\"https:\/\/talleres-emit.com\/sobre-nosotros\/\" \/>\n<meta property=\"og:locale\" content=\"ca_ES\" \/>\n<meta property=\"og:type\" content=\"article\" \/>\n<meta property=\"og:title\" content=\"Sobre nosaltres - Talleres Emit\" \/>\n<meta property=\"og:description\" content=\"SOBRE NOSALTRES. L&#8217;any 1979 canvia la Direcci\u00f3 de l&#8217;Empresa i comen\u00e7a un per\u00edode de diversificaci\u00f3 i ampliaci\u00f3 de la seva activitat, tant en la fabricaci\u00f3 ... Read More\" \/>\n<meta property=\"og:url\" content=\"https:\/\/talleres-emit.com\/sobre-nosotros\/\" \/>\n<meta property=\"og:site_name\" content=\"Talleres Emit\" \/>\n<meta property=\"article:modified_time\" content=\"2023-05-26T10:21:30+00:00\" \/>\n<meta name=\"twitter:card\" content=\"summary_large_image\" \/>\n<meta name=\"twitter:label1\" content=\"Temps estimat de lectura\" \/>\n\t<meta name=\"twitter:data1\" content=\"1 minut\" \/>\n<script type=\"application\/ld+json\" class=\"yoast-schema-graph\">{\"@context\":\"https:\/\/schema.org\",\"@graph\":[{\"@type\":\"WebPage\",\"@id\":\"https:\/\/talleres-emit.com\/sobre-nosotros\/\",\"url\":\"https:\/\/talleres-emit.com\/sobre-nosotros\/\",\"name\":\"Sobre nosaltres - Talleres Emit\",\"isPartOf\":{\"@id\":\"https:\/\/talleres-emit.com\/ca\/#website\"},\"datePublished\":\"2023-03-15T09:38:29+00:00\",\"dateModified\":\"2023-05-26T10:21:30+00:00\",\"breadcrumb\":{\"@id\":\"https:\/\/talleres-emit.com\/sobre-nosotros\/#breadcrumb\"},\"inLanguage\":\"ca\",\"potentialAction\":[{\"@type\":\"ReadAction\",\"target\":[\"https:\/\/talleres-emit.com\/sobre-nosotros\/\"]}]},{\"@type\":\"BreadcrumbList\",\"@id\":\"https:\/\/talleres-emit.com\/sobre-nosotros\/#breadcrumb\",\"itemListElement\":[{\"@type\":\"ListItem\",\"position\":1,\"name\":\"Portada\",\"item\":\"https:\/\/talleres-emit.com\/ca\/\"},{\"@type\":\"ListItem\",\"position\":2,\"name\":\"Sobre nosaltres\"}]},{\"@type\":\"WebSite\",\"@id\":\"https:\/\/talleres-emit.com\/ca\/#website\",\"url\":\"https:\/\/talleres-emit.com\/ca\/\",\"name\":\"Talleres Emit\",\"description\":\"\",\"publisher\":{\"@id\":\"https:\/\/talleres-emit.com\/ca\/#organization\"},\"potentialAction\":[{\"@type\":\"SearchAction\",\"target\":{\"@type\":\"EntryPoint\",\"urlTemplate\":\"https:\/\/talleres-emit.com\/ca\/?s={search_term_string}\"},\"query-input\":\"required name=search_term_string\"}],\"inLanguage\":\"ca\"},{\"@type\":\"Organization\",\"@id\":\"https:\/\/talleres-emit.com\/ca\/#organization\",\"name\":\"Talleres Emit\",\"url\":\"https:\/\/talleres-emit.com\/ca\/\",\"logo\":{\"@type\":\"ImageObject\",\"inLanguage\":\"ca\",\"@id\":\"https:\/\/talleres-emit.com\/ca\/#\/schema\/logo\/image\/\",\"url\":\"https:\/\/talleres-emit.com\/wp-content\/uploads\/2023\/03\/logo.png\",\"contentUrl\":\"https:\/\/talleres-emit.com\/wp-content\/uploads\/2023\/03\/logo.png\",\"width\":206,\"height\":82,\"caption\":\"Talleres Emit\"},\"image\":{\"@id\":\"https:\/\/talleres-emit.com\/ca\/#\/schema\/logo\/image\/\"}}]}<\/script>\n<!-- \/ Yoast SEO plugin. -->","yoast_head_json":{"title":"Sobre nosaltres - Talleres Emit","robots":{"index":"index","follow":"follow","max-snippet":"max-snippet:-1","max-image-preview":"max-image-preview:large","max-video-preview":"max-video-preview:-1"},"canonical":"https:\/\/talleres-emit.com\/sobre-nosotros\/","og_locale":"ca_ES","og_type":"article","og_title":"Sobre nosaltres - Talleres Emit","og_description":"SOBRE NOSALTRES. L&#8217;any 1979 canvia la Direcci\u00f3 de l&#8217;Empresa i comen\u00e7a un per\u00edode de diversificaci\u00f3 i ampliaci\u00f3 de la seva activitat, tant en la fabricaci\u00f3 ... Read More","og_url":"https:\/\/talleres-emit.com\/sobre-nosotros\/","og_site_name":"Talleres Emit","article_modified_time":"2023-05-26T10:21:30+00:00","twitter_card":"summary_large_image","twitter_misc":{"Temps estimat de lectura":"1 minut"},"schema":{"@context":"https:\/\/schema.org","@graph":[{"@type":"WebPage","@id":"https:\/\/talleres-emit.com\/sobre-nosotros\/","url":"https:\/\/talleres-emit.com\/sobre-nosotros\/","name":"Sobre nosaltres - Talleres Emit","isPartOf":{"@id":"https:\/\/talleres-emit.com\/ca\/#website"},"datePublished":"2023-03-15T09:38:29+00:00","dateModified":"2023-05-26T10:21:30+00:00","breadcrumb":{"@id":"https:\/\/talleres-emit.com\/sobre-nosotros\/#breadcrumb"},"inLanguage":"ca","potentialAction":[{"@type":"ReadAction","target":["https:\/\/talleres-emit.com\/sobre-nosotros\/"]}]},{"@type":"BreadcrumbList","@id":"https:\/\/talleres-emit.com\/sobre-nosotros\/#breadcrumb","itemListElement":[{"@type":"ListItem","position":1,"name":"Portada","item":"https:\/\/talleres-emit.com\/ca\/"},{"@type":"ListItem","position":2,"name":"Sobre nosaltres"}]},{"@type":"WebSite","@id":"https:\/\/talleres-emit.com\/ca\/#website","url":"https:\/\/talleres-emit.com\/ca\/","name":"Talleres Emit","description":"","publisher":{"@id":"https:\/\/talleres-emit.com\/ca\/#organization"},"potentialAction":[{"@type":"SearchAction","target":{"@type":"EntryPoint","urlTemplate":"https:\/\/talleres-emit.com\/ca\/?s={search_term_string}"},"query-input":"required name=search_term_string"}],"inLanguage":"ca"},{"@type":"Organization","@id":"https:\/\/talleres-emit.com\/ca\/#organization","name":"Talleres Emit","url":"https:\/\/talleres-emit.com\/ca\/","logo":{"@type":"ImageObject","inLanguage":"ca","@id":"https:\/\/talleres-emit.com\/ca\/#\/schema\/logo\/image\/","url":"https:\/\/talleres-emit.com\/wp-content\/uploads\/2023\/03\/logo.png","contentUrl":"https:\/\/talleres-emit.com\/wp-content\/uploads\/2023\/03\/logo.png","width":206,"height":82,"caption":"Talleres Emit"},"image":{"@id":"https:\/\/talleres-emit.com\/ca\/#\/schema\/logo\/image\/"}}]}},"_links":{"self":[{"href":"https:\/\/talleres-emit.com\/ca\/wp-json\/wp\/v2\/pages\/4668"}],"collection":[{"href":"https:\/\/talleres-emit.com\/ca\/wp-json\/wp\/v2\/pages"}],"about":[{"href":"https:\/\/talleres-emit.com\/ca\/wp-json\/wp\/v2\/types\/page"}],"author":[{"embeddable":true,"href":"https:\/\/talleres-emit.com\/ca\/wp-json\/wp\/v2\/users\/3"}],"replies":[{"embeddable":true,"href":"https:\/\/talleres-emit.com\/ca\/wp-json\/wp\/v2\/comments?post=4668"}],"version-history":[{"count":1,"href":"https:\/\/talleres-emit.com\/ca\/wp-json\/wp\/v2\/pages\/4668\/revisions"}],"predecessor-version":[{"id":4669,"href":"https:\/\/talleres-emit.com\/ca\/wp-json\/wp\/v2\/pages\/4668\/revisions\/4669"}],"wp:attachment":[{"href":"https:\/\/talleres-emit.com\/ca\/wp-json\/wp\/v2\/media?parent=4668"}],"curies":[{"name":"wp","href":"https:\/\/api.w.org\/{rel}","templated":true}]}}